{"id":788,"date":"2023-01-24T09:27:08","date_gmt":"2023-01-24T09:27:08","guid":{"rendered":"https:\/\/christiangarcia.cat\/la-malaltia\/"},"modified":"2023-07-13T13:59:34","modified_gmt":"2023-07-13T13:59:34","slug":"la-enfermedad","status":"publish","type":"page","link":"https:\/\/christiangarcia.cat\/es\/la-enfermedad\/","title":{"rendered":"La enfermedad"},"content":{"rendered":"<section>\n  <div class=\"container pt-8 pb-20 lg:pt-12 lg:pb-24\">\n    <h1\n      class=\"text-[16vw] sm:text-[20vw] md:text-[100px] lg:text-[130px] xl:text-[170px] 2xl:text-[200px] font-bold -tracking-wider leading-none break-words hyphens\">\n      La enfermedad<\/h1>\n  <\/div>\n<\/section>\n\n\n<section class=\"text-appear\">\n    <div class=\"container py-14\">\n      <article class=\" max-w-5xl font-medium  text-3xl\">\n        <p>Padezco una retinopat\u00eda regresiva y degenerativa de la m\u00e1cula que recibe el nombre de  \u00abS\u00edndrome de Stargardt\u00bb y que afecta a la parte central de la visi\u00f3n, con lo que debo ver a trav\u00e9s de la visi\u00f3n residual perif\u00e9rica. Es una enfermedad que no tiene remedio, pero que, en cambio, ha sido capaz de instalar una idea en mi mente que no paro de repetirme:<\/p>\n\n      <\/article>\n    <\/div>\n  <\/section>\n\n\n<section>\n    <div class=\"container flex flex-col py-14 gap-14  sm:pb-36 \">\n            <article class=\"text-5xl font-medium sm:text-6xl  text-write\">\n      <p>\u201cYo no veo cada d\u00eda peor&#8230;, yo cada d\u00eda veo diferente.\u201d<\/p>\n\n      <\/article>\n    <\/div>\n  <\/section>\n\n\n<section class=\"relative\">\n  <div class=\"container grid grid-cols-12 gap-4 sm:gap-6 py-14\">\n    <div class=\"flex flex-col gap-20  col-span-12 lg:col-span-8 xl:col-span-6   text-appear\">\n            <article class=\"text-xl md:text-2xl\"><p>Esta idea me encanta y hoy ya viaja conmigo en ese camino que inici\u00e9 hace alg\u00fan tiempo atr\u00e1s&#8230; Pero llegar hasta aqu\u00ed no ha sido f\u00e1cil. Primero tuve que aceptar la adversidad. A continuaci\u00f3n, hubo que ponerle actitud para superarla. Y por \u00faltimo, y no menos importante, fue necesario pasar por un proceso de adaptaci\u00f3n que permitiera redefinir mis objetivos personales y posicionar mis emociones frente al cambio.<\/p>\n<\/article>\n          <\/div>\n  <\/div>\n      <div class=\"lg:absolute w-full lg:w-1\/2 2xl:w-5\/12 lg:-translate-y-1\/2 lg:top-1\/2 -z-10  right-0 \">\n      <img decoding=\"async\" width=\"1368\" height=\"1295\" src=\"https:\/\/christiangarcia.cat\/app\/uploads\/2023\/02\/imatge-ull-1.png\" class=\"w-full h-auto\" alt=\"Radiografia de l&#039;ull del Christian Garcia\" srcset=\"https:\/\/christiangarcia.cat\/app\/uploads\/2023\/02\/imatge-ull-1.png 1368w, https:\/\/christiangarcia.cat\/app\/uploads\/2023\/02\/imatge-ull-1-300x284.png 300w, https:\/\/christiangarcia.cat\/app\/uploads\/2023\/02\/imatge-ull-1-1024x969.png 1024w, https:\/\/christiangarcia.cat\/app\/uploads\/2023\/02\/imatge-ull-1-768x727.png 768w\" sizes=\"(max-width: 1368px) 100vw, 1368px\" \/>\n    <\/div>\n  <\/section>\n\n\n<section>\n    <div class=\"container py-16\">\n      <article class=\"flex flex-col max-w-4xl gap-16 mx-auto text-3xl md:gap-20 text-appear\">\n      <p><strong> Gracias a la aceptaci\u00f3n, la actitud y la adaptaci\u00f3n,<\/strong> adem\u00e1s del apoyo de un entorno que ha sabido protegerme y acompa\u00f1arme en todo este recorrido, hoy he integrado en mi vida cotidiana todo lo que me hace la vida m\u00e1s f\u00e1cil. Lo he hecho de forma inconscientemente consciente. Lo he hecho sin preguntarme el motivo por el que deb\u00eda hacerlo. Y lo he hecho, sobre todo, porque quienes han estado a mi lado han sido capaces de dar sentido de normalidad a mi discapacidad. Por eso me gusta decir que: \u00abYo no veo cada d\u00eda peor&#8230;, yo cada d\u00eda veo diferente\u00bb.<\/p>\n<p><strong>Christian Garcia Montagut<\/strong><\/p>\n\n      <\/article>\n    <\/div>\n  <\/section>\n\n\n<section class=\"relative\">\n  <div class=\"container grid grid-cols-12 gap-4 sm:gap-6 py-14\">\n    <div class=\"flex flex-col gap-20  col-span-12 lg:col-span-9 xl:col-span-7 lg:col-start-4 xl:col-start-6  text-appear\">\n              <h2 class=\"font-serif text-7xl sm:text-8xl md:text-10xl\">La enfermedad de Stargardt<\/h2>\n            <article class=\"text-xl md:text-2xl\"><p>La enfermedad de Stargardt es una retinopat\u00eda que afecta, principalmente, a las c\u00e9lulas fotorreceptoras de la m\u00e1cula y que son las encargadas de captar la luz a trav\u00e9s de la retina. Teniendo en cuenta que se trata de una enfermedad regresiva y degenerativa, los afectados inicialmente detectan un claro s\u00edntoma de p\u00e9rdida progresiva de agudeza visual y una evidente distorsi\u00f3n de las im\u00e1genes. A consecuencia de la degeneraci\u00f3n de estas c\u00e9lulas fotorreceptoras de la luz que se encuentran en la m\u00e1cula, los pacientes afectados por la enfermedad de Stargardt precisan conservar una cierta visi\u00f3n perif\u00e9rica para verla m\u00ednimamente, y aunque sea de forma residual, a trav\u00e9s del campo visual. Aunque, desde hace unos a\u00f1os, ya se conoce cu\u00e1l es el gen que afecta a los enfermos de Stargardt, todav\u00eda no se ha encontrado un tratamiento que ponga remedio a esta retinopat\u00eda.<\/p>\n<\/article>\n              <article class=\"text-lg md:pt-10 md:text-xl prose-a:transition-colors prose-a:underline hover:prose-a:text-primary\"><p><strong>Fuente Consultada: <\/strong><br \/>\nNEI &#8211; National Eye Institute &#8211; Maryland &#8211; USA.<br \/>\n<a href=\"https:\/\/www.nei.nih.gov\/learn-about-eye-health\/eye-conditions-and-diseases\/stargardt-disease\">https:\/\/www.nei.nih.gov\/learn-about-eye-health\/eye-conditions-and-diseases\/stargardt-disease<\/a><\/p>\n<\/article>\n          <\/div>\n  <\/div>\n      <div class=\"lg:absolute w-full lg:w-1\/2 2xl:w-5\/12 lg:-translate-y-1\/2 lg:top-1\/2 -z-10  left-0 \">\n      <img decoding=\"async\" width=\"1633\" height=\"1920\" src=\"https:\/\/christiangarcia.cat\/app\/uploads\/2023\/02\/imatge-ull-2.jpg\" class=\"w-full h-auto\" alt=\"Radiografia de l&#039;ull del Christian Garcia\" srcset=\"https:\/\/christiangarcia.cat\/app\/uploads\/2023\/02\/imatge-ull-2.jpg 1633w, https:\/\/christiangarcia.cat\/app\/uploads\/2023\/02\/imatge-ull-2-255x300.jpg 255w, https:\/\/christiangarcia.cat\/app\/uploads\/2023\/02\/imatge-ull-2-871x1024.jpg 871w, https:\/\/christiangarcia.cat\/app\/uploads\/2023\/02\/imatge-ull-2-768x903.jpg 768w, https:\/\/christiangarcia.cat\/app\/uploads\/2023\/02\/imatge-ull-2-1306x1536.jpg 1306w\" sizes=\"(max-width: 1633px) 100vw, 1633px\" \/>\n    <\/div>\n  <\/section>\n","protected":false},"excerpt":{"rendered":"","protected":false},"author":1,"featured_media":0,"parent":0,"menu_order":0,"comment_status":"closed","ping_status":"closed","template":"template-content.blade.php","meta":{"_acf_changed":false,"footnotes":""},"class_list":["post-788","page","type-page","status-publish","hentry"],"acf":[],"yoast_head":"<title>La enfermedad | Christian Garcia<\/title>\n<meta name=\"robots\" content=\"index, follow, max-snippet:-1, max-image-preview:large, max-video-preview:-1\" \/>\n<link rel=\"canonical\" href=\"https:\/\/christiangarcia.cat\/es\/la-enfermedad\/\" \/>\n<meta property=\"og:locale\" content=\"es_ES\" \/>\n<meta property=\"og:type\" content=\"article\" \/>\n<meta property=\"og:title\" content=\"La enfermedad | Christian Garcia\" \/>\n<meta property=\"og:url\" content=\"https:\/\/christiangarcia.cat\/es\/la-enfermedad\/\" \/>\n<meta property=\"og:site_name\" content=\"Christian Garcia\" \/>\n<meta property=\"article:modified_time\" content=\"2023-07-13T13:59:34+00:00\" \/>\n<meta name=\"twitter:card\" content=\"summary_large_image\" \/>\n<script type=\"application\/ld+json\" class=\"yoast-schema-graph\">{\"@context\":\"https:\\\/\\\/schema.org\",\"@graph\":[{\"@type\":\"WebPage\",\"@id\":\"https:\\\/\\\/christiangarcia.cat\\\/es\\\/la-enfermedad\\\/\",\"url\":\"https:\\\/\\\/christiangarcia.cat\\\/es\\\/la-enfermedad\\\/\",\"name\":\"La enfermedad | Christian Garcia\",\"isPartOf\":{\"@id\":\"https:\\\/\\\/christiangarcia.lndo.site\\\/#website\"},\"datePublished\":\"2023-01-24T09:27:08+00:00\",\"dateModified\":\"2023-07-13T13:59:34+00:00\",\"breadcrumb\":{\"@id\":\"https:\\\/\\\/christiangarcia.cat\\\/es\\\/la-enfermedad\\\/#breadcrumb\"},\"inLanguage\":\"es\",\"potentialAction\":[{\"@type\":\"ReadAction\",\"target\":[\"https:\\\/\\\/christiangarcia.cat\\\/es\\\/la-enfermedad\\\/\"]}]},{\"@type\":\"BreadcrumbList\",\"@id\":\"https:\\\/\\\/christiangarcia.cat\\\/es\\\/la-enfermedad\\\/#breadcrumb\",\"itemListElement\":[{\"@type\":\"ListItem\",\"position\":1,\"name\":\"Home\",\"item\":\"https:\\\/\\\/christiangarcia.cat\\\/es\\\/\"},{\"@type\":\"ListItem\",\"position\":2,\"name\":\"La enfermedad\"}]},{\"@type\":\"WebSite\",\"@id\":\"https:\\\/\\\/christiangarcia.lndo.site\\\/#website\",\"url\":\"https:\\\/\\\/christiangarcia.lndo.site\\\/\",\"name\":\"Christian Garcia\",\"description\":\"\",\"publisher\":{\"@id\":\"https:\\\/\\\/christiangarcia.lndo.site\\\/#\\\/schema\\\/person\\\/c59fc7f39331fc14454f5dee2a427b67\"},\"potentialAction\":[{\"@type\":\"SearchAction\",\"target\":{\"@type\":\"EntryPoint\",\"urlTemplate\":\"https:\\\/\\\/christiangarcia.lndo.site\\\/?s={search_term_string}\"},\"query-input\":{\"@type\":\"PropertyValueSpecification\",\"valueRequired\":true,\"valueName\":\"search_term_string\"}}],\"inLanguage\":\"es\"},{\"@type\":[\"Person\",\"Organization\"],\"@id\":\"https:\\\/\\\/christiangarcia.lndo.site\\\/#\\\/schema\\\/person\\\/c59fc7f39331fc14454f5dee2a427b67\",\"name\":\"Christian Garcia\",\"image\":{\"@type\":\"ImageObject\",\"inLanguage\":\"es\",\"@id\":\"https:\\\/\\\/christiangarcia.cat\\\/app\\\/uploads\\\/2023\\\/02\\\/webClip-1.png\",\"url\":\"https:\\\/\\\/christiangarcia.cat\\\/app\\\/uploads\\\/2023\\\/02\\\/webClip-1.png\",\"contentUrl\":\"https:\\\/\\\/christiangarcia.cat\\\/app\\\/uploads\\\/2023\\\/02\\\/webClip-1.png\",\"width\":512,\"height\":512,\"caption\":\"Christian Garcia\"},\"logo\":{\"@id\":\"https:\\\/\\\/christiangarcia.cat\\\/app\\\/uploads\\\/2023\\\/02\\\/webClip-1.png\"},\"sameAs\":[\"https:\\\/\\\/christiangarcia.cat\\\/\",\"https:\\\/\\\/www.linkedin.com\\\/in\\\/christiangarciamontagut\\\/\",\"https:\\\/\\\/www.youtube.com\\\/@ChristianGarciaMontagut\",\"https:\\\/\\\/es.wikipedia.org\\\/wiki\\\/Christian_Garcia_i_Montagut\"]}]}<\/script>","yoast_head_json":{"title":"La enfermedad | Christian Garcia","robots":{"index":"index","follow":"follow","max-snippet":"max-snippet:-1","max-image-preview":"max-image-preview:large","max-video-preview":"max-video-preview:-1"},"canonical":"https:\/\/christiangarcia.cat\/es\/la-enfermedad\/","og_locale":"es_ES","og_type":"article","og_title":"La enfermedad | Christian Garcia","og_url":"https:\/\/christiangarcia.cat\/es\/la-enfermedad\/","og_site_name":"Christian Garcia","article_modified_time":"2023-07-13T13:59:34+00:00","twitter_card":"summary_large_image","schema":{"@context":"https:\/\/schema.org","@graph":[{"@type":"WebPage","@id":"https:\/\/christiangarcia.cat\/es\/la-enfermedad\/","url":"https:\/\/christiangarcia.cat\/es\/la-enfermedad\/","name":"La enfermedad | Christian Garcia","isPartOf":{"@id":"https:\/\/christiangarcia.lndo.site\/#website"},"datePublished":"2023-01-24T09:27:08+00:00","dateModified":"2023-07-13T13:59:34+00:00","breadcrumb":{"@id":"https:\/\/christiangarcia.cat\/es\/la-enfermedad\/#breadcrumb"},"inLanguage":"es","potentialAction":[{"@type":"ReadAction","target":["https:\/\/christiangarcia.cat\/es\/la-enfermedad\/"]}]},{"@type":"BreadcrumbList","@id":"https:\/\/christiangarcia.cat\/es\/la-enfermedad\/#breadcrumb","itemListElement":[{"@type":"ListItem","position":1,"name":"Home","item":"https:\/\/christiangarcia.cat\/es\/"},{"@type":"ListItem","position":2,"name":"La enfermedad"}]},{"@type":"WebSite","@id":"https:\/\/christiangarcia.lndo.site\/#website","url":"https:\/\/christiangarcia.lndo.site\/","name":"Christian Garcia","description":"","publisher":{"@id":"https:\/\/christiangarcia.lndo.site\/#\/schema\/person\/c59fc7f39331fc14454f5dee2a427b67"},"potentialAction":[{"@type":"SearchAction","target":{"@type":"EntryPoint","urlTemplate":"https:\/\/christiangarcia.lndo.site\/?s={search_term_string}"},"query-input":{"@type":"PropertyValueSpecification","valueRequired":true,"valueName":"search_term_string"}}],"inLanguage":"es"},{"@type":["Person","Organization"],"@id":"https:\/\/christiangarcia.lndo.site\/#\/schema\/person\/c59fc7f39331fc14454f5dee2a427b67","name":"Christian Garcia","image":{"@type":"ImageObject","inLanguage":"es","@id":"https:\/\/christiangarcia.cat\/app\/uploads\/2023\/02\/webClip-1.png","url":"https:\/\/christiangarcia.cat\/app\/uploads\/2023\/02\/webClip-1.png","contentUrl":"https:\/\/christiangarcia.cat\/app\/uploads\/2023\/02\/webClip-1.png","width":512,"height":512,"caption":"Christian Garcia"},"logo":{"@id":"https:\/\/christiangarcia.cat\/app\/uploads\/2023\/02\/webClip-1.png"},"sameAs":["https:\/\/christiangarcia.cat\/","https:\/\/www.linkedin.com\/in\/christiangarciamontagut\/","https:\/\/www.youtube.com\/@ChristianGarciaMontagut","https:\/\/es.wikipedia.org\/wiki\/Christian_Garcia_i_Montagut"]}]}},"_links":{"self":[{"href":"https:\/\/christiangarcia.cat\/es\/wp-json\/wp\/v2\/pages\/788","targetHints":{"allow":["GET"]}}],"collection":[{"href":"https:\/\/christiangarcia.cat\/es\/wp-json\/wp\/v2\/pages"}],"about":[{"href":"https:\/\/christiangarcia.cat\/es\/wp-json\/wp\/v2\/types\/page"}],"author":[{"embeddable":true,"href":"https:\/\/christiangarcia.cat\/es\/wp-json\/wp\/v2\/users\/1"}],"replies":[{"embeddable":true,"href":"https:\/\/christiangarcia.cat\/es\/wp-json\/wp\/v2\/comments?post=788"}],"version-history":[{"count":4,"href":"https:\/\/christiangarcia.cat\/es\/wp-json\/wp\/v2\/pages\/788\/revisions"}],"predecessor-version":[{"id":852,"href":"https:\/\/christiangarcia.cat\/es\/wp-json\/wp\/v2\/pages\/788\/revisions\/852"}],"wp:attachment":[{"href":"https:\/\/christiangarcia.cat\/es\/wp-json\/wp\/v2\/media?parent=788"}],"curies":[{"name":"wp","href":"https:\/\/api.w.org\/{rel}","templated":true}]}}